{"id":94,"date":"2019-07-22T10:48:40","date_gmt":"2019-07-22T08:48:40","guid":{"rendered":"https:\/\/beta.hopbasel.ch\/?page_id=94"},"modified":"2024-11-01T14:10:14","modified_gmt":"2024-11-01T13:10:14","slug":"geschichte","status":"publish","type":"page","link":"https:\/\/www.hopbasel.ch\/de\/ueber-uns\/geschichte\/","title":{"rendered":"Geschichte"},"content":{"rendered":"\t\t<div data-elementor-type=\"wp-post\" data-elementor-id=\"94\" class=\"elementor elementor-94\" data-elementor-post-type=\"page\">\n\t\t\t\t\t\t<section class=\"elementor-section elementor-top-section elementor-element elementor-element-ce00805 elementor-hidden-desktop elementor-section-boxed elementor-section-height-default elementor-section-height-default\" data-id=\"ce00805\" data-element_type=\"section\" data-e-type=\"section\">\n\t\t\t\t\t\t<div class=\"elementor-container elementor-column-gap-default\">\n\t\t\t\t\t<div class=\"elementor-column elementor-col-100 elementor-top-column elementor-element elementor-element-28cab19\" data-id=\"28cab19\" data-element_type=\"column\" data-e-type=\"column\">\n\t\t\t<div class=\"elementor-widget-wrap elementor-element-populated\">\n\t\t\t\t\t\t<div class=\"elementor-element elementor-element-34eec8f elementor-widget elementor-widget-video\" data-id=\"34eec8f\" data-element_type=\"widget\" data-e-type=\"widget\" data-settings=\"{&quot;youtube_url&quot;:&quot;https:\\\/\\\/youtu.be\\\/qEUoH2tH4rM&quot;,&quot;video_type&quot;:&quot;youtube&quot;,&quot;controls&quot;:&quot;yes&quot;}\" data-widget_type=\"video.default\">\n\t\t\t\t<div class=\"elementor-widget-container\">\n\t\t\t\t\t\t\t<div class=\"elementor-wrapper elementor-open-inline\">\n\t\t\t<div class=\"elementor-video\"><\/div>\t\t<\/div>\n\t\t\t\t\t\t<\/div>\n\t\t\t\t<\/div>\n\t\t\t\t<div class=\"elementor-element elementor-element-0d16c8e elementor-widget elementor-widget-heading\" data-id=\"0d16c8e\" data-element_type=\"widget\" data-e-type=\"widget\" data-widget_type=\"heading.default\">\n\t\t\t\t<div class=\"elementor-widget-container\">\n\t\t\t\t\t<h2 class=\"elementor-heading-title elementor-size-default\">Entstehungsgeschichte des hop Basel<\/h2>\t\t\t\t<\/div>\n\t\t\t\t<\/div>\n\t\t\t\t<div class=\"elementor-element elementor-element-00ada0d elementor-widget elementor-widget-text-editor\" data-id=\"00ada0d\" data-element_type=\"widget\" data-e-type=\"widget\" data-widget_type=\"text-editor.default\">\n\t\t\t\t<div class=\"elementor-widget-container\">\n\t\t\t\t\t\t\t\t\t<p><b>Bernhard<\/b>: In der Nacht auf den 1. Januar 2007 schaute ich God TV und h\u00f6rte Mike Bickle \u00fcber Jes.56.7 predigen: \u201eMein Haus soll ein Haus des Gebets sein.\u201c Ich war tief ber\u00fchrt und wusste in meinem Geist, dass Gott zu mir \u00fcber H\u00e4user des Gebets redet und, dass in dem Moment etwas Tiefes in mir passierte. Ich war so bewegt, dass ich sogar meine Frau aufweckte und ihr erz\u00e4hlte, was mit mir geschah.<\/p><p>Wir hatten zuvor den Gebetsberg in Uganda besucht und kannten verschiedene andere Gebetsbewegungen. Auch organisierten wir in unserer Gemeinde, der Oikos International Church. regelm\u00e4ssige 24h Anbetung und Gebet.<\/p>\t\t\t\t\t\t\t\t<\/div>\n\t\t\t\t<\/div>\n\t\t\t\t\t<\/div>\n\t\t<\/div>\n\t\t\t\t\t<\/div>\n\t\t<\/section>\n\t\t\t\t<section class=\"elementor-section elementor-top-section elementor-element elementor-element-e752683 elementor-hidden-tablet elementor-hidden-mobile elementor-section-boxed elementor-section-height-default elementor-section-height-default\" data-id=\"e752683\" data-element_type=\"section\" data-e-type=\"section\" data-no-translation=\"\">\n\t\t\t\t\t\t<div class=\"elementor-container elementor-column-gap-default\">\n\t\t\t\t\t<div class=\"elementor-column elementor-col-50 elementor-top-column elementor-element elementor-element-ad7d54f\" data-id=\"ad7d54f\" data-element_type=\"column\" data-e-type=\"column\">\n\t\t\t<div class=\"elementor-widget-wrap elementor-element-populated\">\n\t\t\t\t\t\t<div class=\"elementor-element elementor-element-e0b4577 elementor-widget elementor-widget-video\" data-id=\"e0b4577\" data-element_type=\"widget\" data-e-type=\"widget\" data-settings=\"{&quot;youtube_url&quot;:&quot;https:\\\/\\\/youtu.be\\\/qEUoH2tH4rM&quot;,&quot;video_type&quot;:&quot;youtube&quot;,&quot;controls&quot;:&quot;yes&quot;}\" data-widget_type=\"video.default\">\n\t\t\t\t<div class=\"elementor-widget-container\">\n\t\t\t\t\t\t\t<div class=\"elementor-wrapper elementor-open-inline\">\n\t\t\t<div class=\"elementor-video\"><\/div>\t\t<\/div>\n\t\t\t\t\t\t<\/div>\n\t\t\t\t<\/div>\n\t\t\t\t\t<\/div>\n\t\t<\/div>\n\t\t\t\t<div class=\"elementor-column elementor-col-50 elementor-top-column elementor-element elementor-element-b913e52\" data-id=\"b913e52\" data-element_type=\"column\" data-e-type=\"column\">\n\t\t\t<div class=\"elementor-widget-wrap elementor-element-populated\">\n\t\t\t\t\t\t<div class=\"elementor-element elementor-element-9d60335 elementor-widget elementor-widget-heading\" data-id=\"9d60335\" data-element_type=\"widget\" data-e-type=\"widget\" data-widget_type=\"heading.default\">\n\t\t\t\t<div class=\"elementor-widget-container\">\n\t\t\t\t\t<h2 class=\"elementor-heading-title elementor-size-default\">Entstehungsgeschichte des hop Basel<\/h2>\t\t\t\t<\/div>\n\t\t\t\t<\/div>\n\t\t\t\t<div class=\"elementor-element elementor-element-f251453 elementor-widget elementor-widget-text-editor\" data-id=\"f251453\" data-element_type=\"widget\" data-e-type=\"widget\" data-widget_type=\"text-editor.default\">\n\t\t\t\t<div class=\"elementor-widget-container\">\n\t\t\t\t\t\t\t\t\t<p><b>Bernhard<\/b>: In der Nacht auf den 1. Januar 2007 schaute ich God TV und h\u00f6rte Mike Bickle \u00fcber Jes.56.7 predigen: \u201eMein Haus soll ein Haus des Gebets sein.\u201c Ich war tief ber\u00fchrt und wusste in meinem Geist, dass Gott zu mir \u00fcber H\u00e4user des Gebets redet und, dass in dem Moment etwas Tiefes in mir passierte. Ich war so bewegt, dass ich sogar meine Frau aufweckte und ihr erz\u00e4hlte, was mit mir geschah.<\/p><p>Wir hatten zuvor den Gebetsberg in Uganda besucht und kannten verschiedene andere Gebetsbewegungen. Auch organisierten wir in unserer Gemeinde, der Oikos International Church. regelm\u00e4ssige 24h Anbetung und Gebet.<\/p>\t\t\t\t\t\t\t\t<\/div>\n\t\t\t\t<\/div>\n\t\t\t\t\t<\/div>\n\t\t<\/div>\n\t\t\t\t\t<\/div>\n\t\t<\/section>\n\t\t\t\t<section class=\"elementor-section elementor-top-section elementor-element elementor-element-051ddba elementor-section-boxed elementor-section-height-default elementor-section-height-default\" data-id=\"051ddba\" data-element_type=\"section\" data-e-type=\"section\">\n\t\t\t\t\t\t<div class=\"elementor-container elementor-column-gap-default\">\n\t\t\t\t\t<div class=\"elementor-column elementor-col-100 elementor-top-column elementor-element elementor-element-27591e1\" data-id=\"27591e1\" data-element_type=\"column\" data-e-type=\"column\">\n\t\t\t<div class=\"elementor-widget-wrap elementor-element-populated\">\n\t\t\t\t\t\t<div class=\"elementor-element elementor-element-ebf6888 elementor-widget elementor-widget-text-editor\" data-id=\"ebf6888\" data-element_type=\"widget\" data-e-type=\"widget\" data-widget_type=\"text-editor.default\">\n\t\t\t\t<div class=\"elementor-widget-container\">\n\t\t\t\t\t\t\t\t\t<p>Aber von Kansas City, die zu diesem Zeitpunkt bereits fast 7 Jahre rund um die Uhr beteten, hatten wir bis anhin noch nichts geh\u00f6rt. Wir trafen Vorkehrungen und besuchten im Sommer 2007 das <a href=\"https:\/\/www.ihopkc.org\/\" target=\"_blank\" rel=\"noopener\">International House of Prayer (IHOPKC)<\/a> in Kansas City. Wir nahmen an einer vier-w\u00f6chigen Schule f\u00fcr Leiter teil. Als ich den Gebetsraum in Kansas City betrat, liefen mir die Tr\u00e4nen und ich sp\u00fcrte: \u201eIch bin zuhause angekommen\u201c. Ein Traum oder eine Sehnsucht, die Gott in den Jahren zuvor in meinem Leben wachsen liess, ist in diesem Moment Realit\u00e4t geworden.<\/p>\t\t\t\t\t\t\t\t<\/div>\n\t\t\t\t<\/div>\n\t\t\t\t<div class=\"elementor-element elementor-element-be2993a elementor-blockquote--skin-quotation elementor-widget elementor-widget-blockquote\" data-id=\"be2993a\" data-element_type=\"widget\" data-e-type=\"widget\" data-widget_type=\"blockquote.default\">\n\t\t\t\t<div class=\"elementor-widget-container\">\n\t\t\t\t\t\t\t<blockquote class=\"elementor-blockquote\">\n\t\t\t<p class=\"elementor-blockquote__content\">\n\t\t\t\tIch bin zuhause angekommen.\t\t\t<\/p>\n\t\t\t\t\t<\/blockquote>\n\t\t\t\t\t\t<\/div>\n\t\t\t\t<\/div>\n\t\t\t\t<div class=\"elementor-element elementor-element-1b45a5c elementor-widget elementor-widget-text-editor\" data-id=\"1b45a5c\" data-element_type=\"widget\" data-e-type=\"widget\" data-widget_type=\"text-editor.default\">\n\t\t\t\t<div class=\"elementor-widget-container\">\n\t\t\t\t\t\t\t\t\t<p><b>Claudia<\/b>: F\u00fcr mich war das alles noch etwas fremd. Meine Berufung sah ich im Dienst an Randgruppen. W\u00e4hrend vielen Jahren arbeitete ich mit drogenabh\u00e4ngigen Menschen und leitete Missionseins\u00e4tze in die Mongolei. Anbetung und Gebet sah ich nicht als meine Hauptberufung. Doch w\u00e4hrend diesen vier Wochen hat sich mein Leben ver\u00e4ndert und Gott hat ein tiefes Werk in meinem Herzen angefangen. Zusammengefasst war die Hauptbotschaft, die mich herausgeforderte: ONE THING! David betet in Psalm 27,4: &#8222;Eines habe ich vom Herrn erbeten, danach trachte ich\u2026&#8220;.<\/p><p>Auf eines bedacht zu sein, diesem Einen nachzujagen, das Wichtigste zum Wichtigsten zu machen. Dies hat etwas mit unseren Lebenspriorit\u00e4ten zu tun. Wie verbringen wir unsere Zeit? Wie gehen wir mit unseren Finanzen um? Wem oder was schenken wir unser Vertrauen? etc. F\u00fcr mich waren diese vier Wochen eine neue Weichenstellung f\u00fcr mein Leben. Ich habe viel f\u00fcr Gott gemacht und Ihm mit meinem Leben gedient, aber meine Beziehung mit Ihm war nicht an erster Stelle. Ich merkte, dass mein Fokus auf dem Dienst und nicht auf der Beziehung lag, und dass ich darin m\u00fcde und ersch\u00f6pft wurde, aber eine L\u00f6sung wusste ich keine. Gott redete in dieser Zeit in Kansas City zu mir und offenbarte mir seine Liebe und Leidenschaft f\u00fcr mich ganz neu.<\/p>\t\t\t\t\t\t\t\t<\/div>\n\t\t\t\t<\/div>\n\t\t\t\t<div class=\"elementor-element elementor-element-e50284e elementor-blockquote--skin-quotation elementor-widget elementor-widget-blockquote\" data-id=\"e50284e\" data-element_type=\"widget\" data-e-type=\"widget\" data-widget_type=\"blockquote.default\">\n\t\t\t\t<div class=\"elementor-widget-container\">\n\t\t\t\t\t\t\t<blockquote class=\"elementor-blockquote\">\n\t\t\t<p class=\"elementor-blockquote__content\">\n\t\t\t\tEines habe ich vom Herrn erbeten, danach trachte ich\u2026\t\t\t<\/p>\n\t\t\t\t\t\t\t<div class=\"e-q-footer\">\n\t\t\t\t\t\t\t\t\t\t\t<cite class=\"elementor-blockquote__author\">Psalm 27, 4<\/cite>\n\t\t\t\t\t\t\t\t\t\t\t\t\t\t<\/div>\n\t\t\t\t\t<\/blockquote>\n\t\t\t\t\t\t<\/div>\n\t\t\t\t<\/div>\n\t\t\t\t<div class=\"elementor-element elementor-element-917617b elementor-widget-divider--view-line elementor-widget elementor-widget-divider\" data-id=\"917617b\" data-element_type=\"widget\" data-e-type=\"widget\" data-widget_type=\"divider.default\">\n\t\t\t\t<div class=\"elementor-widget-container\">\n\t\t\t\t\t\t\t<div class=\"elementor-divider\">\n\t\t\t<span class=\"elementor-divider-separator\">\n\t\t\t\t\t\t<\/span>\n\t\t<\/div>\n\t\t\t\t\t\t<\/div>\n\t\t\t\t<\/div>\n\t\t\t\t\t<\/div>\n\t\t<\/div>\n\t\t\t\t\t<\/div>\n\t\t<\/section>\n\t\t\t\t<section class=\"elementor-section elementor-top-section elementor-element elementor-element-2af0d34 elementor-section-boxed elementor-section-height-default elementor-section-height-default\" data-id=\"2af0d34\" data-element_type=\"section\" data-e-type=\"section\">\n\t\t\t\t\t\t<div class=\"elementor-container elementor-column-gap-default\">\n\t\t\t\t\t<div class=\"elementor-column elementor-col-100 elementor-top-column elementor-element elementor-element-2084bca\" data-id=\"2084bca\" data-element_type=\"column\" data-e-type=\"column\">\n\t\t\t<div class=\"elementor-widget-wrap elementor-element-populated\">\n\t\t\t\t\t\t<div class=\"elementor-element elementor-element-6d76f10 elementor-widget elementor-widget-text-editor\" data-id=\"6d76f10\" data-element_type=\"widget\" data-e-type=\"widget\" data-widget_type=\"text-editor.default\">\n\t\t\t\t<div class=\"elementor-widget-container\">\n\t\t\t\t\t\t\t\t\t<p>Als wir nach diesem Monat wieder zur\u00fcckkehrten, fingen wir an in unserem Leben die Priorit\u00e4ten neu zu setzen. Wir sonderten Zeiten aus die wir bewusst mit Gott verbrachten. In unserem Wohnzimmer installierten wir einen Fernseher, wo wir die meiste Zeit die \u00dcbertragung vom Gebetsraum in Kansas City laufen liessen uns so in unserem Haus eine Atmosph\u00e4re der Anbetung und des Gebets zu schaffen. Mehr und mehr wuchs die Sehnsucht in uns, einen solchen Ort in Basel zu haben, wo Tag und Nacht Gott angebetet wird und Menschen kommen k\u00f6nnen, um Ihm zu begegnen.<\/p><p>Etwas was uns an dem Dienst von Mike Bickle beeindruckt hat, waren die vielen Dienste die rund um den Gebetsraum entstanden sind. Aber das Zentrum war die Beziehung, die Begegnung mit Gott. So oft haben wir unseren Dienst gemacht und das Gebet diente zur Unterst\u00fctzung, dass Gott uns segnete. Hier war es umgekehrt. Gott wird angebetet, einfach weil er w\u00fcrdig ist und da heraus entstehen fruchtbringende Dienste.<\/p>\t\t\t\t\t\t\t\t<\/div>\n\t\t\t\t<\/div>\n\t\t\t\t<div class=\"elementor-element elementor-element-4eb4912 elementor-blockquote--skin-quotation elementor-widget elementor-widget-blockquote\" data-id=\"4eb4912\" data-element_type=\"widget\" data-e-type=\"widget\" data-widget_type=\"blockquote.default\">\n\t\t\t\t<div class=\"elementor-widget-container\">\n\t\t\t\t\t\t\t<blockquote class=\"elementor-blockquote\">\n\t\t\t<p class=\"elementor-blockquote__content\">\n\t\t\t\tWir wussten, dass dieses Projekt viel zu gross und zu teuer f\u00fcr uns war...\t\t\t<\/p>\n\t\t\t\t\t<\/blockquote>\n\t\t\t\t\t\t<\/div>\n\t\t\t\t<\/div>\n\t\t\t\t<div class=\"elementor-element elementor-element-45b0e3b elementor-widget elementor-widget-text-editor\" data-id=\"45b0e3b\" data-element_type=\"widget\" data-e-type=\"widget\" data-widget_type=\"text-editor.default\">\n\t\t\t\t<div class=\"elementor-widget-container\">\n\t\t\t\t\t\t\t\t\t<p>Wir fingen an, Leute mit derselben Vision um uns zu sammeln, organisierten immer wieder 24h oder 48h Stunden Anbetung in unseren Gemeinder\u00e4umlichkeiten und starteten mit einem 2 Stunden Block Anbetung und Gebet am Montag fr\u00fch von 05.00-07.00 Uhr. Mehr und mehr wurde dies auch in der Stadt bekannt und Leute aus unterschiedlichen Gemeinden kamen zu diesen Gebetstreffen.<\/p><p>Im Dezember 2008 schauten wir zum ersten Mal ein Geb\u00e4ude an, mit der Vision es zu erwerben und ein Gebetsraum wie auch eine Wohngemeinschaft darin zu gr\u00fcnden. Nach langen Verhandlungen, Fundraising, Gespr\u00e4chen mit dem Architekten und Finanzexperten platzte dieser Traum ein paar Monate sp\u00e4ter. Einerseits waren wir entt\u00e4uscht, anderseits erleichtert. Wir wussten, dass dieses Projekt viel zu gross und zu teuer f\u00fcr uns war und wenn Gott es nicht segnet und best\u00e4tigt, wollten wir keinen weiteren Schritt unternehmen.<\/p><p>Im Sommer 2010 hatten wir die ersten Gespr\u00e4che mit den Besitzer unser jetzigen Geb\u00e4udes und bald ging es in konkrete Verhandlungen. In den n\u00e4chsten Monaten war es immer wieder ein loslassen und Gott vertrauen. Dieses Projekt war nochmals gr\u00f6sser, als das letzte. Dieser ganze Prozess des Loslassens und Vertrauens dauerte \u00fcber 1 Jahr. Wir lernten in dieser Zeit Gott zu vertrauen und daran fest zu halten, dass Er sein Haus baut und dass es Sein Werk ist. Wir lernten, nicht mit menschlichen Waffen zu k\u00e4mpfen, sondern Ihn anzubeten und zu wissen, dass Er alles in Seinen H\u00e4nden h\u00e4lt. Gott wollte unser Vertrauen und forderte uns in diesem Punkt sehr heraus.<\/p><p>Schlussendlich konnten wir das Geb\u00e4ude in der Margarethenstrassse in Basel auf den 01.01.2012 erwerben und kurz darauf die Er\u00f6ffnung feiern.<\/p>\t\t\t\t\t\t\t\t<\/div>\n\t\t\t\t<\/div>\n\t\t\t\t\t<\/div>\n\t\t<\/div>\n\t\t\t\t\t<\/div>\n\t\t<\/section>\n\t\t\t\t<section class=\"elementor-section elementor-top-section elementor-element elementor-element-8727c20 elementor-section-boxed elementor-section-height-default elementor-section-height-default\" data-id=\"8727c20\" data-element_type=\"section\" data-e-type=\"section\">\n\t\t\t\t\t\t<div class=\"elementor-container elementor-column-gap-default\">\n\t\t\t\t\t<div class=\"elementor-column elementor-col-100 elementor-top-column elementor-element elementor-element-6cf38e3\" data-id=\"6cf38e3\" data-element_type=\"column\" data-e-type=\"column\">\n\t\t\t<div class=\"elementor-widget-wrap elementor-element-populated\">\n\t\t\t\t\t\t<div class=\"elementor-element elementor-element-17a7c8a elementor-widget-divider--view-line elementor-widget elementor-widget-divider\" data-id=\"17a7c8a\" data-element_type=\"widget\" data-e-type=\"widget\" data-widget_type=\"divider.default\">\n\t\t\t\t<div class=\"elementor-widget-container\">\n\t\t\t\t\t\t\t<div class=\"elementor-divider\">\n\t\t\t<span class=\"elementor-divider-separator\">\n\t\t\t\t\t\t<\/span>\n\t\t<\/div>\n\t\t\t\t\t\t<\/div>\n\t\t\t\t<\/div>\n\t\t\t\t\t<\/div>\n\t\t<\/div>\n\t\t\t\t\t<\/div>\n\t\t<\/section>\n\t\t\t\t<section class=\"elementor-section elementor-top-section elementor-element elementor-element-89fb8a7 elementor-section-boxed elementor-section-height-default elementor-section-height-default\" data-id=\"89fb8a7\" data-element_type=\"section\" data-e-type=\"section\">\n\t\t\t\t\t\t<div class=\"elementor-container elementor-column-gap-default\">\n\t\t\t\t\t<div class=\"elementor-column elementor-col-100 elementor-top-column elementor-element elementor-element-2de90b7\" data-id=\"2de90b7\" data-element_type=\"column\" data-e-type=\"column\">\n\t\t\t<div class=\"elementor-widget-wrap elementor-element-populated\">\n\t\t\t\t\t\t<div class=\"elementor-element elementor-element-a36b914 elementor-widget elementor-widget-heading\" data-id=\"a36b914\" data-element_type=\"widget\" data-e-type=\"widget\" data-widget_type=\"heading.default\">\n\t\t\t\t<div class=\"elementor-widget-container\">\n\t\t\t\t\t<h2 class=\"elementor-heading-title elementor-size-default\">Geschichtlicher Abriss von der Gebetsbewegungen in Deutschland und in der Schweiz<\/h2>\t\t\t\t<\/div>\n\t\t\t\t<\/div>\n\t\t\t\t<div class=\"elementor-element elementor-element-0ac3bc4 elementor-widget elementor-widget-text-editor\" data-id=\"0ac3bc4\" data-element_type=\"widget\" data-e-type=\"widget\" data-widget_type=\"text-editor.default\">\n\t\t\t\t<div class=\"elementor-widget-container\">\n\t\t\t\t\t\t\t\t\t<p>Mit der Entstehung des hop Basel reihen wir uns in eine lange Geschichte der Anbetung und F\u00fcrbitte ein. Wir d\u00fcrfen von dem, was unsere Vorg\u00e4nger ges\u00e4t haben lernen. Nachstehend ein Einblick in zwei Bewegungen unserer Region.<\/p>\t\t\t\t\t\t\t\t<\/div>\n\t\t\t\t<\/div>\n\t\t\t\t\t<\/div>\n\t\t<\/div>\n\t\t\t\t\t<\/div>\n\t\t<\/section>\n\t\t\t\t<section class=\"elementor-section elementor-top-section elementor-element elementor-element-9d71654 elementor-hidden-tablet elementor-hidden-mobile elementor-section-boxed elementor-section-height-default elementor-section-height-default\" data-id=\"9d71654\" data-element_type=\"section\" data-e-type=\"section\">\n\t\t\t\t\t\t<div class=\"elementor-container elementor-column-gap-default\">\n\t\t\t\t\t<div class=\"elementor-column elementor-col-100 elementor-top-column elementor-element elementor-element-2d077e6\" data-id=\"2d077e6\" data-element_type=\"column\" data-e-type=\"column\">\n\t\t\t<div class=\"elementor-widget-wrap elementor-element-populated\">\n\t\t\t\t\t\t<section class=\"elementor-section elementor-inner-section elementor-element elementor-element-3dc1ff1 elementor-section-boxed elementor-section-height-default elementor-section-height-default\" data-id=\"3dc1ff1\" data-element_type=\"section\" data-e-type=\"section\">\n\t\t\t\t\t\t<div class=\"elementor-container elementor-column-gap-default\">\n\t\t\t\t\t<div class=\"elementor-column elementor-col-50 elementor-inner-column elementor-element elementor-element-74c30ac\" data-id=\"74c30ac\" data-element_type=\"column\" data-e-type=\"column\" data-settings=\"{&quot;background_background&quot;:&quot;classic&quot;}\">\n\t\t\t<div class=\"elementor-widget-wrap\">\n\t\t\t\t\t\t\t<\/div>\n\t\t<\/div>\n\t\t\t\t<div class=\"elementor-column elementor-col-50 elementor-inner-column elementor-element elementor-element-70552bc\" data-id=\"70552bc\" data-element_type=\"column\" data-e-type=\"column\">\n\t\t\t<div class=\"elementor-widget-wrap elementor-element-populated\">\n\t\t\t\t\t\t<div class=\"elementor-element elementor-element-dc646f8 elementor-widget elementor-widget-heading\" data-id=\"dc646f8\" data-element_type=\"widget\" data-e-type=\"widget\" data-widget_type=\"heading.default\">\n\t\t\t\t<div class=\"elementor-widget-container\">\n\t\t\t\t\t<h3 class=\"elementor-heading-title elementor-size-default\">Geschichte Herrnhuts<\/h3>\t\t\t\t<\/div>\n\t\t\t\t<\/div>\n\t\t\t\t<div class=\"elementor-element elementor-element-97a520f elementor-widget elementor-widget-text-editor\" data-id=\"97a520f\" data-element_type=\"widget\" data-e-type=\"widget\" data-widget_type=\"text-editor.default\">\n\t\t\t\t<div class=\"elementor-widget-container\">\n\t\t\t\t\t\t\t\t\t<p>Auf eine Anfrage von Fl\u00fcchtlingen hin, stellte Nicklaus Ludwig, Graf von Zinzendorf, im Jahr 1722 Land zur Verf\u00fcgung. Die neue Siedlung vergr\u00f6sserte sich schnell und erhielt den Namen Herrnhut. Die Menschen kamen vor allem aus B\u00f6hmen und M\u00e4hren, um sich eine neue Existenz aufzubauen. Aber auch aus Europa zog es einige an, welche ein urchristliches und lebendiges Gemeindeleben praktizieren wollten.<\/p><p>Die Herrnhuter Gemeinschaft ist bekannt f\u00fcr ihre starke Einheit, ihr engagiertes Zusammenleben und ihren Willen, ein aufopferndes Leben zu f\u00fchren. Zinzendorf hat sie\u00a0 in Gruppen, in sogenannte Banden aufgeteilt, in welchen sie sich regelm\u00e4ssig trafen, um zu beten, sich offen auszutauschen, S\u00fcnden voreinander zu bekennen und sich gegenseitig zu ermutigen.<\/p><p>Am 27. August 1727, zwei Wochen nach ihrem Pfingsterlebnis, begannen sie mit einer Gebetswache. Sie wurden dabei durch den Vers aus 3 Mose 6:6 inspiriert: \u201eEin best\u00e4ndiges Feuer soll auf dem Altar in Brand gehalten werden; es soll nicht erl\u00f6schen.\u201d Anfangs schrieben sich 48 M\u00e4nner und 48 Frauen f\u00fcr das Gebet ein. Das Durchschnittsalter der Beterinnen und Beter lag bei 30 Jahren, Zinzendorf selber war 27 Jahre alt. Je zwei M\u00e4nner und zwei Frauen beteten gemeinsam eine Stunde, bis das n\u00e4chste Team sie abl\u00f6ste. Dieses Muster wurde rund um die Uhr beibehalten, jeden Tag, jede Woche, jedes Jahr f\u00fcr ca. 120 weitere Jahre.<\/p>\t\t\t\t\t\t\t\t<\/div>\n\t\t\t\t<\/div>\n\t\t\t\t\t<\/div>\n\t\t<\/div>\n\t\t\t\t\t<\/div>\n\t\t<\/section>\n\t\t\t\t\t<\/div>\n\t\t<\/div>\n\t\t\t\t\t<\/div>\n\t\t<\/section>\n\t\t\t\t<section class=\"elementor-section elementor-top-section elementor-element elementor-element-3935c14 elementor-hidden-desktop elementor-hidden-mobile elementor-section-boxed elementor-section-height-default elementor-section-height-default\" data-id=\"3935c14\" data-element_type=\"section\" data-e-type=\"section\">\n\t\t\t\t\t\t<div class=\"elementor-container elementor-column-gap-default\">\n\t\t\t\t\t<div class=\"elementor-column elementor-col-100 elementor-top-column elementor-element elementor-element-2d0a3be\" data-id=\"2d0a3be\" data-element_type=\"column\" data-e-type=\"column\">\n\t\t\t<div class=\"elementor-widget-wrap elementor-element-populated\">\n\t\t\t\t\t\t<section class=\"elementor-section elementor-inner-section elementor-element elementor-element-ab58bb8 elementor-section-boxed elementor-section-height-default elementor-section-height-default\" data-id=\"ab58bb8\" data-element_type=\"section\" data-e-type=\"section\">\n\t\t\t\t\t\t<div class=\"elementor-container elementor-column-gap-default\">\n\t\t\t\t\t<div class=\"elementor-column elementor-col-50 elementor-inner-column elementor-element elementor-element-5a60a8c\" data-id=\"5a60a8c\" data-element_type=\"column\" data-e-type=\"column\" data-settings=\"{&quot;background_background&quot;:&quot;classic&quot;}\">\n\t\t\t<div class=\"elementor-widget-wrap\">\n\t\t\t\t\t\t\t<\/div>\n\t\t<\/div>\n\t\t\t\t<div class=\"elementor-column elementor-col-50 elementor-inner-column elementor-element elementor-element-0e3291f\" data-id=\"0e3291f\" data-element_type=\"column\" data-e-type=\"column\">\n\t\t\t<div class=\"elementor-widget-wrap elementor-element-populated\">\n\t\t\t\t\t\t<div class=\"elementor-element elementor-element-206bece elementor-widget elementor-widget-heading\" data-id=\"206bece\" data-element_type=\"widget\" data-e-type=\"widget\" data-widget_type=\"heading.default\">\n\t\t\t\t<div class=\"elementor-widget-container\">\n\t\t\t\t\t<h3 class=\"elementor-heading-title elementor-size-default\">Geschichte Herrnhuts<\/h3>\t\t\t\t<\/div>\n\t\t\t\t<\/div>\n\t\t\t\t<div class=\"elementor-element elementor-element-429cded elementor-widget elementor-widget-text-editor\" data-id=\"429cded\" data-element_type=\"widget\" data-e-type=\"widget\" data-widget_type=\"text-editor.default\">\n\t\t\t\t<div class=\"elementor-widget-container\">\n\t\t\t\t\t\t\t\t\t<p>Auf eine Anfrage von Fl\u00fcchtlingen hin, stellte Nicklaus Ludwig, Graf von Zinzendorf, im Jahr 1722 Land zur Verf\u00fcgung. Die neue Siedlung vergr\u00f6sserte sich schnell und erhielt den Namen Herrnhut. Die Menschen kamen vor allem aus B\u00f6hmen und M\u00e4hren, um sich eine neue Existenz aufzubauen. Aber auch aus Europa zog es einige an, welche ein urchristliches und lebendiges Gemeindeleben praktizieren wollten.<\/p><p>Die Herrnhuter Gemeinschaft ist bekannt f\u00fcr ihre starke Einheit, ihr engagiertes Zusammenleben und ihren Willen, ein aufopferndes Leben zu f\u00fchren. Zinzendorf hat sie\u00a0 in Gruppen, in sogenannte Banden aufgeteilt, in welchen sie sich regelm\u00e4ssig trafen, um zu beten, sich offen auszutauschen, S\u00fcnden voreinander zu bekennen und sich gegenseitig zu ermutigen.<\/p>\t\t\t\t\t\t\t\t<\/div>\n\t\t\t\t<\/div>\n\t\t\t\t\t<\/div>\n\t\t<\/div>\n\t\t\t\t\t<\/div>\n\t\t<\/section>\n\t\t\t\t<div class=\"elementor-element elementor-element-24a7b72 elementor-widget elementor-widget-text-editor\" data-id=\"24a7b72\" data-element_type=\"widget\" data-e-type=\"widget\" data-widget_type=\"text-editor.default\">\n\t\t\t\t<div class=\"elementor-widget-container\">\n\t\t\t\t\t\t\t\t\t<p>Am 27. August 1727, zwei Wochen nach ihrem Pfingsterlebnis, begannen sie mit einer Gebetswache. Sie wurden dabei durch den Vers aus 3 Mose 6:6 inspiriert: \u201eEin best\u00e4ndiges Feuer soll auf dem Altar in Brand gehalten werden; es soll nicht erl\u00f6schen.\u201d Anfangs schrieben sich 48 M\u00e4nner und 48 Frauen f\u00fcr das Gebet ein. Das Durchschnittsalter der Beterinnen und Beter lag bei 30 Jahren, Zinzendorf selber war 27 Jahre alt. Je zwei M\u00e4nner und zwei Frauen beteten gemeinsam eine Stunde, bis das n\u00e4chste Team sie abl\u00f6ste. Dieses Muster wurde rund um die Uhr beibehalten, jeden Tag, jede Woche, jedes Jahr f\u00fcr ca. 120 weitere Jahre.<\/p>\t\t\t\t\t\t\t\t<\/div>\n\t\t\t\t<\/div>\n\t\t\t\t\t<\/div>\n\t\t<\/div>\n\t\t\t\t\t<\/div>\n\t\t<\/section>\n\t\t\t\t<section class=\"elementor-section elementor-top-section elementor-element elementor-element-d05a021 elementor-hidden-desktop elementor-hidden-tablet elementor-section-boxed elementor-section-height-default elementor-section-height-default\" data-id=\"d05a021\" data-element_type=\"section\" data-e-type=\"section\">\n\t\t\t\t\t\t<div class=\"elementor-container elementor-column-gap-default\">\n\t\t\t\t\t<div class=\"elementor-column elementor-col-100 elementor-top-column elementor-element elementor-element-511ec1f\" data-id=\"511ec1f\" data-element_type=\"column\" data-e-type=\"column\">\n\t\t\t<div class=\"elementor-widget-wrap elementor-element-populated\">\n\t\t\t\t\t\t<section class=\"elementor-section elementor-inner-section elementor-element elementor-element-2ebaa83 elementor-section-content-space-evenly elementor-hidden-desktop elementor-hidden-tablet elementor-section-boxed elementor-section-height-default elementor-section-height-default\" data-id=\"2ebaa83\" data-element_type=\"section\" data-e-type=\"section\">\n\t\t\t\t\t\t<div class=\"elementor-container elementor-column-gap-narrow\">\n\t\t\t\t\t<div class=\"elementor-column elementor-col-100 elementor-inner-column elementor-element elementor-element-5601244\" data-id=\"5601244\" data-element_type=\"column\" data-e-type=\"column\">\n\t\t\t<div class=\"elementor-widget-wrap elementor-element-populated\">\n\t\t\t\t\t\t<div class=\"elementor-element elementor-element-f2385ba elementor-widget elementor-widget-heading\" data-id=\"f2385ba\" data-element_type=\"widget\" data-e-type=\"widget\" data-widget_type=\"heading.default\">\n\t\t\t\t<div class=\"elementor-widget-container\">\n\t\t\t\t\t<h3 class=\"elementor-heading-title elementor-size-default\">Geschichte Herrnhuts<\/h3>\t\t\t\t<\/div>\n\t\t\t\t<\/div>\n\t\t\t\t<div class=\"elementor-element elementor-element-435443c elementor-widget elementor-widget-text-editor\" data-id=\"435443c\" data-element_type=\"widget\" data-e-type=\"widget\" data-widget_type=\"text-editor.default\">\n\t\t\t\t<div class=\"elementor-widget-container\">\n\t\t\t\t\t\t\t\t\t<p>Auf eine Anfrage von Fl\u00fcchtlingen hin, stellte Nicklaus Ludwig, Graf von Zinzendorf, im Jahr 1722 Land zur Verf\u00fcgung. Die neue Siedlung vergr\u00f6sserte sich schnell und erhielt den Namen Herrnhut. Die Menschen kamen vor allem aus B\u00f6hmen und M\u00e4hren, um sich eine neue Existenz aufzubauen. Aber auch aus Europa zog es einige an, welche ein urchristliches und lebendiges Gemeindeleben praktizieren wollten.<\/p><p>Die Herrnhuter Gemeinschaft ist bekannt f\u00fcr ihre starke Einheit, ihr engagiertes Zusammenleben und ihren Willen, ein aufopferndes Leben zu f\u00fchren. Zinzendorf hat sie\u00a0 in Gruppen, in sogenannte Banden aufgeteilt, in welchen sie sich regelm\u00e4ssig trafen, um zu beten, sich offen auszutauschen, S\u00fcnden voreinander zu bekennen und sich gegenseitig zu ermutigen.<\/p><p>Am 27. August 1727, zwei Wochen nach ihrem Pfingsterlebnis, begannen sie mit einer Gebetswache. Sie wurden dabei durch den Vers aus 3 Mose 6:6 inspiriert: \u201eEin best\u00e4ndiges Feuer soll auf dem Altar in Brand gehalten werden; es soll nicht erl\u00f6schen.\u201d Anfangs schrieben sich 48 M\u00e4nner und 48 Frauen f\u00fcr das Gebet ein. Das Durchschnittsalter der Beterinnen und Beter lag bei 30 Jahren, Zinzendorf selber war 27 Jahre alt. Je zwei M\u00e4nner und zwei Frauen beteten gemeinsam eine Stunde, bis das n\u00e4chste Team sie abl\u00f6ste. Dieses Muster wurde rund um die Uhr beibehalten, jeden Tag, jede Woche, jedes Jahr f\u00fcr ca. 120 weitere Jahre.<\/p>\t\t\t\t\t\t\t\t<\/div>\n\t\t\t\t<\/div>\n\t\t\t\t<div class=\"elementor-element elementor-element-fd60b5a elementor-widget elementor-widget-image\" data-id=\"fd60b5a\" data-element_type=\"widget\" data-e-type=\"widget\" data-widget_type=\"image.default\">\n\t\t\t\t<div class=\"elementor-widget-container\">\n\t\t\t\t\t\t\t\t\t\t\t\t\t\t\t<img fetchpriority=\"high\" decoding=\"async\" width=\"525\" height=\"640\" src=\"https:\/\/www.hopbasel.ch\/wp-content\/uploads\/2019\/11\/Nicolaus_ludwig_graf_zu_zinzendorf.jpg\" class=\"attachment-large size-large wp-image-1234\" alt=\"\" srcset=\"https:\/\/www.hopbasel.ch\/wp-content\/uploads\/2019\/11\/Nicolaus_ludwig_graf_zu_zinzendorf.jpg 525w, https:\/\/www.hopbasel.ch\/wp-content\/uploads\/2019\/11\/Nicolaus_ludwig_graf_zu_zinzendorf-246x300.jpg 246w\" sizes=\"(max-width: 525px) 100vw, 525px\" \/>\t\t\t\t\t\t\t\t\t\t\t\t\t\t\t<\/div>\n\t\t\t\t<\/div>\n\t\t\t\t\t<\/div>\n\t\t<\/div>\n\t\t\t\t\t<\/div>\n\t\t<\/section>\n\t\t\t\t\t<\/div>\n\t\t<\/div>\n\t\t\t\t\t<\/div>\n\t\t<\/section>\n\t\t\t\t<section class=\"elementor-section elementor-top-section elementor-element elementor-element-45f5ea6 elementor-section-boxed elementor-section-height-default elementor-section-height-default\" data-id=\"45f5ea6\" data-element_type=\"section\" data-e-type=\"section\">\n\t\t\t\t\t\t<div class=\"elementor-container elementor-column-gap-default\">\n\t\t\t\t\t<div class=\"elementor-column elementor-col-100 elementor-top-column elementor-element elementor-element-69ab4b3\" data-id=\"69ab4b3\" data-element_type=\"column\" data-e-type=\"column\">\n\t\t\t<div class=\"elementor-widget-wrap elementor-element-populated\">\n\t\t\t\t\t\t<div class=\"elementor-element elementor-element-1a47440 elementor-widget elementor-widget-text-editor\" data-id=\"1a47440\" data-element_type=\"widget\" data-e-type=\"widget\" data-widget_type=\"text-editor.default\">\n\t\t\t\t<div class=\"elementor-widget-container\">\n\t\t\t\t\t\t\t\t\t<div id=\"tab3-inhalt\" style=\"display: block;\"><p>Sechs Monate nach Beginn der Gebetswache stellte der Graf die Gemeinschaft vor die Herausforderung, sich k\u00fchn der Weiterverbreitung des Evangeliums zu widmen und zu den Westindischen Inseln, nach Gr\u00f6nland oder in die T\u00fcrkei zu gehen. Daraufhin traten 26 M\u00e4nner vor, um diese Mission zu beginnen. So wurden 1732 die ersten Missionare ausgesandt. Einige Herrnhuter liessen sich sogar versklaven, um die Gute Nachricht von Jesus an einen Ort wie Surinam in S\u00fcdafrika zu bringen. Sie sahen sich als Pilger und lebten f\u00fcr Christus. Sterben war f\u00fcr sie ein Gewinn.<\/p><p>In den 20 Jahren nach ihrem Pfingsterlebnis sandten sie mehr Erntearbeiter aus, als die gesamte Reformationsbewegung in den 200 Jahren zuvor. Innerhalb einer Generation gelangten sie auf alle Kontinente. 100 Jahre sp\u00e4ter gab es weltweit bereits 42 Missionsstationen.<\/p><p>Fakt: 65 Jahre nach den Anf\u00e4ngen der Gebetswache hat diese kleine Herrnhuter Gemeinschaft 300 Missionare an die Enden der Erde ausgesandt.<\/p><\/div>\t\t\t\t\t\t\t\t<\/div>\n\t\t\t\t<\/div>\n\t\t\t\t<div class=\"elementor-element elementor-element-c6971f8 elementor-blockquote--skin-quotation elementor-widget elementor-widget-blockquote\" data-id=\"c6971f8\" data-element_type=\"widget\" data-e-type=\"widget\" data-widget_type=\"blockquote.default\">\n\t\t\t\t<div class=\"elementor-widget-container\">\n\t\t\t\t\t\t\t<blockquote class=\"elementor-blockquote\">\n\t\t\t<p class=\"elementor-blockquote__content\">\n\t\t\t\tEin best\u00e4ndiges Feuer soll auf dem Altar in Brand gehalten werden; es soll nicht erl\u00f6schen.\t\t\t<\/p>\n\t\t\t\t\t\t\t<div class=\"e-q-footer\">\n\t\t\t\t\t\t\t\t\t\t\t<cite class=\"elementor-blockquote__author\">3.Mose 6:6<\/cite>\n\t\t\t\t\t\t\t\t\t\t\t\t\t\t<\/div>\n\t\t\t\t\t<\/blockquote>\n\t\t\t\t\t\t<\/div>\n\t\t\t\t<\/div>\n\t\t\t\t\t<\/div>\n\t\t<\/div>\n\t\t\t\t\t<\/div>\n\t\t<\/section>\n\t\t\t\t<section class=\"elementor-section elementor-top-section elementor-element elementor-element-7e7c773 elementor-section-boxed elementor-section-height-default elementor-section-height-default\" data-id=\"7e7c773\" data-element_type=\"section\" data-e-type=\"section\">\n\t\t\t\t\t\t<div class=\"elementor-container elementor-column-gap-default\">\n\t\t\t\t\t<div class=\"elementor-column elementor-col-50 elementor-top-column elementor-element elementor-element-2258b1e\" data-id=\"2258b1e\" data-element_type=\"column\" data-e-type=\"column\">\n\t\t\t<div class=\"elementor-widget-wrap elementor-element-populated\">\n\t\t\t\t\t\t<div class=\"elementor-element elementor-element-4df580e elementor-widget elementor-widget-spacer\" data-id=\"4df580e\" data-element_type=\"widget\" data-e-type=\"widget\" data-widget_type=\"spacer.default\">\n\t\t\t\t<div class=\"elementor-widget-container\">\n\t\t\t\t\t\t\t<div class=\"elementor-spacer\">\n\t\t\t<div class=\"elementor-spacer-inner\"><\/div>\n\t\t<\/div>\n\t\t\t\t\t\t<\/div>\n\t\t\t\t<\/div>\n\t\t\t\t\t<\/div>\n\t\t<\/div>\n\t\t\t\t<div class=\"elementor-column elementor-col-50 elementor-top-column elementor-element elementor-element-6fc37b8\" data-id=\"6fc37b8\" data-element_type=\"column\" data-e-type=\"column\">\n\t\t\t<div class=\"elementor-widget-wrap elementor-element-populated\">\n\t\t\t\t\t\t<div class=\"elementor-element elementor-element-f05ee66 elementor-widget elementor-widget-heading\" data-id=\"f05ee66\" data-element_type=\"widget\" data-e-type=\"widget\" data-widget_type=\"heading.default\">\n\t\t\t\t<div class=\"elementor-widget-container\">\n\t\t\t\t\t<h3 class=\"elementor-heading-title elementor-size-default\">Ihr Einfluss auf die Geschichte der Erweckung und Mission<\/h3>\t\t\t\t<\/div>\n\t\t\t\t<\/div>\n\t\t\t\t<div class=\"elementor-element elementor-element-b8629b0 elementor-widget elementor-widget-text-editor\" data-id=\"b8629b0\" data-element_type=\"widget\" data-e-type=\"widget\" data-widget_type=\"text-editor.default\">\n\t\t\t\t<div class=\"elementor-widget-container\">\n\t\t\t\t\t\t\t\t\t<p>F\u00fcr<strong><i> John Wesley <\/i><\/strong>(1703-1791) gab eine Begegnung mit den Herrnhutern den Ausschlag f\u00fcr seine radikale Bekehrung. Wesley wurde von Gott als herausragender Erweckungsprediger Englands gebraucht und gr\u00fcndete die Methodistenbewegung. Er war fasziniert von der Zuversicht der Herrnhuter, welche auch im Angesicht des drohenden Todes nicht ins Wanken geriet. In ihm wuchs die Sehnsucht nach einem solchen unersch\u00fctterlichen Glauben und er w\u00fcnschte sich, den Rest seines Lebens in Herrnhut verbringen zu k\u00f6nnnen, da die Herrlichkeit des Herrn jene Gegend \u201cwie Wasser das Meer\u201d bedeckte.<\/p><p>Ebenfalls waren die Herrnhuter ein Vorbild f\u00fcr <strong><i>William Carey<\/i><\/strong>, den grossen Reformator der Baptisten, den Vorreiter der Weltmission und Gr\u00fcnder von mehreren Missionsgesellschaften.\u00a0<\/p><p>Viele christliche Leiter sind der Meinung, dass beinahe jede missionarische Leistung des 18. und 19. Jahrhunderts, egal welcher Denomination, aus dem aufopfernden Dienst und F\u00fcrbitte der Herrnhuter hervorgegangen ist.<\/p>\t\t\t\t\t\t\t\t<\/div>\n\t\t\t\t<\/div>\n\t\t\t\t\t<\/div>\n\t\t<\/div>\n\t\t\t\t\t<\/div>\n\t\t<\/section>\n\t\t\t\t<section class=\"elementor-section elementor-top-section elementor-element elementor-element-58924f6 elementor-section-boxed elementor-section-height-default elementor-section-height-default\" data-id=\"58924f6\" data-element_type=\"section\" data-e-type=\"section\" data-settings=\"{&quot;background_background&quot;:&quot;classic&quot;}\">\n\t\t\t\t\t\t<div class=\"elementor-container elementor-column-gap-default\">\n\t\t\t\t\t<div class=\"elementor-column elementor-col-100 elementor-top-column elementor-element elementor-element-f0ba2d5\" data-id=\"f0ba2d5\" data-element_type=\"column\" data-e-type=\"column\" data-settings=\"{&quot;background_background&quot;:&quot;classic&quot;}\">\n\t\t\t<div class=\"elementor-widget-wrap elementor-element-populated\">\n\t\t\t\t\t\t<div class=\"elementor-element elementor-element-53250a9 elementor-widget elementor-widget-heading\" data-id=\"53250a9\" data-element_type=\"widget\" data-e-type=\"widget\" data-widget_type=\"heading.default\">\n\t\t\t\t<div class=\"elementor-widget-container\">\n\t\t\t\t\t<h3 class=\"elementor-heading-title elementor-size-default\">Eine Geschichte der Gebetsbewegungen in der Schweiz<\/h3>\t\t\t\t<\/div>\n\t\t\t\t<\/div>\n\t\t\t\t<div class=\"elementor-element elementor-element-27853b5 elementor-widget elementor-widget-text-editor\" data-id=\"27853b5\" data-element_type=\"widget\" data-e-type=\"widget\" data-widget_type=\"text-editor.default\">\n\t\t\t\t<div class=\"elementor-widget-container\">\n\t\t\t\t\t\t\t\t\t<p>St. Maurice, Wallis: Im Jahr 515 rief K\u00f6nig Sigismund eine Gruppe von M\u00f6nchen in seine Stiftung mit der Aufgabe, ein ununterbrochenes Chorgebet zum Lobe Gottes zu beginnen. So beteten sie in 8- Stunden Schichten Tag und Nacht, 7 Tage die Woche, \u00fcber 200 Jahre. Diese Gebete sind nicht unbeantwortet!<\/p><p>Dies war nun ein kurzer Ausschnitt aus der Vergangenheit. Wir sind beeindruckt, was Gott bis jetzt getan hat und sind gespannt, was er in Zukunft noch tun wird.<\/p>\t\t\t\t\t\t\t\t<\/div>\n\t\t\t\t<\/div>\n\t\t\t\t<div class=\"elementor-element elementor-element-0c3e3ad elementor-blockquote--skin-quotation elementor-widget elementor-widget-blockquote\" data-id=\"0c3e3ad\" data-element_type=\"widget\" data-e-type=\"widget\" data-widget_type=\"blockquote.default\">\n\t\t\t\t<div class=\"elementor-widget-container\">\n\t\t\t\t\t\t\t<blockquote class=\"elementor-blockquote\">\n\t\t\t<p class=\"elementor-blockquote__content\">\n\t\t\t\tSie beteten in 8 - Stunden Schichten Tag und Nacht, 7 Tage die Woche, \u00fcber 200 Jahre.\t\t\t<\/p>\n\t\t\t\t\t<\/blockquote>\n\t\t\t\t\t\t<\/div>\n\t\t\t\t<\/div>\n\t\t\t\t\t<\/div>\n\t\t<\/div>\n\t\t\t\t\t<\/div>\n\t\t<\/section>\n\t\t\t\t<section class=\"elementor-section elementor-top-section elementor-element elementor-element-2100801 elementor-section-boxed elementor-section-height-default elementor-section-height-default\" data-id=\"2100801\" data-element_type=\"section\" data-e-type=\"section\">\n\t\t\t\t\t\t<div class=\"elementor-container elementor-column-gap-default\">\n\t\t\t\t\t<div class=\"elementor-column elementor-col-100 elementor-top-column elementor-element elementor-element-8e1ce04\" data-id=\"8e1ce04\" data-element_type=\"column\" data-e-type=\"column\">\n\t\t\t<div class=\"elementor-widget-wrap elementor-element-populated\">\n\t\t\t\t\t\t<div class=\"elementor-element elementor-element-7a26d35 elementor-widget elementor-widget-spacer\" data-id=\"7a26d35\" data-element_type=\"widget\" data-e-type=\"widget\" data-widget_type=\"spacer.default\">\n\t\t\t\t<div class=\"elementor-widget-container\">\n\t\t\t\t\t\t\t<div class=\"elementor-spacer\">\n\t\t\t<div class=\"elementor-spacer-inner\"><\/div>\n\t\t<\/div>\n\t\t\t\t\t\t<\/div>\n\t\t\t\t<\/div>\n\t\t\t\t\t<\/div>\n\t\t<\/div>\n\t\t\t\t\t<\/div>\n\t\t<\/section>\n\t\t\t\t<\/div>\n\t\t","protected":false},"excerpt":{"rendered":"<p>Entstehungsgeschichte des hop Basel Bernhard: In der Nacht auf den 1. Januar 2007 schaute ich God TV und h\u00f6rte Mike Bickle \u00fcber Jes.56.7 predigen: \u201eMein Haus soll ein Haus des Gebets sein.\u201c Ich war tief ber\u00fchrt und wusste in meinem Geist, dass Gott zu mir \u00fcber H\u00e4user des Gebets redet und, dass in dem Moment [&hellip;]<\/p>\n","protected":false},"author":4,"featured_media":0,"parent":55,"menu_order":4,"comment_status":"closed","ping_status":"closed","template":"","meta":{"footnotes":""},"class_list":["post-94","page","type-page","status-publish","hentry"],"_links":{"self":[{"href":"https:\/\/www.hopbasel.ch\/de\/wp-json\/wp\/v2\/pages\/94","targetHints":{"allow":["GET"]}}],"collection":[{"href":"https:\/\/www.hopbasel.ch\/de\/wp-json\/wp\/v2\/pages"}],"about":[{"href":"https:\/\/www.hopbasel.ch\/de\/wp-json\/wp\/v2\/types\/page"}],"author":[{"embeddable":true,"href":"https:\/\/www.hopbasel.ch\/de\/wp-json\/wp\/v2\/users\/4"}],"replies":[{"embeddable":true,"href":"https:\/\/www.hopbasel.ch\/de\/wp-json\/wp\/v2\/comments?post=94"}],"version-history":[{"count":128,"href":"https:\/\/www.hopbasel.ch\/de\/wp-json\/wp\/v2\/pages\/94\/revisions"}],"predecessor-version":[{"id":6535,"href":"https:\/\/www.hopbasel.ch\/de\/wp-json\/wp\/v2\/pages\/94\/revisions\/6535"}],"up":[{"embeddable":true,"href":"https:\/\/www.hopbasel.ch\/de\/wp-json\/wp\/v2\/pages\/55"}],"wp:attachment":[{"href":"https:\/\/www.hopbasel.ch\/de\/wp-json\/wp\/v2\/media?parent=94"}],"curies":[{"name":"wp","href":"https:\/\/api.w.org\/{rel}","templated":true}]}}